{"id":40355,"date":"2015-10-10T19:03:18","date_gmt":"2015-10-10T18:03:18","guid":{"rendered":"https:\/\/www.camping-le-jardin-du-marais.com\/en\/devenez-proprietaire\/"},"modified":"2019-05-16T11:16:25","modified_gmt":"2019-05-16T10:16:25","slug":"mobil-home-to-sell-france","status":"publish","type":"page","link":"https:\/\/www.camping-le-jardin-du-marais.com\/en\/mobil-home-to-sell-france\/","title":{"rendered":"Become owner : buy your mobile home"},"content":{"rendered":"<div class=\"wpb-content-wrapper\"><p>[vc_row][vc_column offset=&#8221;vc_col-xs-12&#8243;][vc_column_text]<\/p>\n<h1>Mobil home sales : New and second hand<\/h1>\n<p>[\/vc_column_text][vc_empty_space height=&#8221;22px&#8221;][vc_column_text]In our family campsite Le Jardin du Marais, we offer the sale of mobile home directly on location. The purchase of mobile home in a campsite has many advantages that you can read on our article <a href=\"https:\/\/www.camping-le-jardin-du-marais.com\/en\/acheter-un-mobil-home-dans-un-camping-est-ce-interessant\/\"><strong><span style=\"color: #008000;\">&#8220;Buy a mobile home in France&#8221;<\/span><\/strong><\/a>. In addition, we offer mobile homes of all ranges and sizes and for all budgets. In our campsite, you will be welcome. We do not have a policy of selling mobile homes and asking you to change them contractually every 5 years but we are loyal to our customers. Your mobile home can stay as long as the latter is the subject of regular maintenance &#8220;in good father&#8221;. So do not hesitate to call us at 02 51 680 917 for any information and make your appointment for the visit of our mobile homes.[\/vc_column_text]<div class=\" ubtn-ctn-left \"><button type=\"button\" id=\"ubtn-2873\"  class=\"ubtn ult-adjust-bottom-margin ult-responsive ubtn-normal ubtn-no-hover-bg  none  ubtn-left   tooltip-69efb739b9c56\"  data-hover=\"\" data-border-color=\"\" data-bg=\"#e0e0e0\" data-hover-bg=\"\" data-border-hover=\"\" data-shadow-hover=\"\" data-shadow-click=\"none\" data-shadow=\"\" data-shd-shadow=\"\"  data-ultimate-target='#ubtn-2873'  data-responsive-json-new='{\"font-size\":\"\",\"line-height\":\"\"}'  style=\"font-weight:normal;border:none;background: #e0e0e0;color: #000000;\"><span class=\"ubtn-hover\" style=\"background-color:\"><\/span><span class=\"ubtn-data ubtn-text \" ><\/span><\/button><\/div>[vc_empty_space][layerslider_vc id=&#8221;36&#8243;][vc_empty_space height=&#8221;22px&#8221;][vc_row_inner][\/vc_row_inner][\/vc_column][\/vc_row][vc_row anchor=&#8221;mobilhomeneuf&#8221;][vc_column][vc_icon icon_fontawesome=&#8221;fa fa-sun-o&#8221; color=&#8221;orange&#8221; size=&#8221;lg&#8221; align=&#8221;center&#8221; css_animation=&#8221;bottom-to-top&#8221;]<div class=\"dt-fancy-separator text-big accent-border-color\" style=\"width: 100%;\"><div class=\"dt-fancy-title bg-on\"><span class=\"separator-holder separator-left\"><\/span>Second hand Mobil home Sales in Vendee - Le Perrier<span class=\"separator-holder separator-right\"><\/span><\/div><\/div>[vc_empty_space][\/vc_column][\/vc_row][vc_row bg_type=&#8221;bg_color&#8221; bg_color_value=&#8221;#1e73be&#8221;][vc_column width=&#8221;1\/2&#8243;][vc_empty_space][vc_column_text]<\/p>\n<h2 style=\"text-align: center;\"><strong><span style=\"color: #ffff00;\">CHALET 2 Ch &#8211; 2007<\/span><\/strong><\/h2>\n<p>[\/vc_column_text][vc_empty_space height=&#8221;12px&#8221;][vc_column_text]<\/p>\n<h3 style=\"text-align: center;\"><strong><span style=\"color: #ffff00;\">9980\u20ac<\/span><\/strong><\/h3>\n<p>[\/vc_column_text][layerslider_vc id=&#8221;31&#8243;][\/vc_column][vc_column width=&#8221;1\/2&#8243;][vc_empty_space height=&#8221;105px&#8221;][vc_tta_tabs shape=&#8221;square&#8221; color=&#8221;turquoise&#8221; spacing=&#8221;2&#8243; gap=&#8221;3&#8243; active_section=&#8221;1&#8243;][vc_tta_section title=&#8221;Pr\u00e9sentation&#8221; tab_id=&#8221;1521735118091-6a6392dc-83f9&#8243;][vc_column_text]<\/p>\n<h3>CHALET GITOTEL\u00a0Mor\u00e9a &#8211; 2007<\/h3>\n<p><strong>7,50 x 5,00 m almost 25 m2 + covered terrace<\/strong><\/p>\n<p>2 bedrooms\u00a0 &#8211; fitted kitchen<br \/>\nShower room with toilet[\/vc_column_text][\/vc_tta_section][vc_tta_section title=&#8221;Tarif&#8221; tab_id=&#8221;1521735118243-1ecdaead-5475&#8243;][vc_column_text]Our &#8220;ready to use&#8221; price includes:<\/p>\n<ul>\n<li>delivery and installation of the chalet on a site of 130 m2<\/li>\n<li>about the connection of the cottage to the water, electricity 10 A, mains drainage,TV antenna,\u00a0 tax declaration work<\/li>\n<\/ul>\n<p><!--more--><\/p>\n<p>Used property sold with a warranty of one season by the seller. This warranty does not apply to appliances or the second work.<\/p>\n<p>TO KNOW: You do not have any notary fees, you become a direct owner of your home as soon as your bill is paid. All you have to do is to insure your mobile home or chalet as well as a caravan<\/p>\n<p>A rental contract is offered to you, see tab &#8220;Rent&#8221;[\/vc_column_text][\/vc_tta_section][vc_tta_section title=&#8221;Loyer&#8221; tab_id=&#8221;1521884163506-caa0779b-25a3&#8243;][vc_column_text]Camping open from April 1 to October 15, 2019<\/p>\n<p><strong><span style=\"color: #0000ff;\"> Rent depending on area and location on the ground <\/span><\/strong><\/p>\n<p>Rent including 6 people on contract and 1 car, water and electricity 10 A, sanitation, TV network connection, mowing and maintenance hedges<\/p>\n<p><!--more--><\/p>\n<p>Rent: 2762.036 \u20ac VAT included for location of 130 sqm (including rent 2802.03 \u20ac Tax Vend\u00e9e Water 58.03 \u20ac Tax Garbage 25 \u20ac)<\/p>\n<p>Deposit for down-counters and barrier badge.<\/p>\n<p>Possibility to sublet<\/p>\n<p>&nbsp;[\/vc_column_text][\/vc_tta_section][vc_tta_section title=&#8221;Options&#8221; tab_id=&#8221;1521906674959-87afb242-891b&#8221;][vc_column_text]We offer the sale of 3 second-hand canvases with windows and doors used for 1050 \u20ac price installed (blue \/ white stripes). These canvases have been custom made by a professional model Mor\u00e9a Gitotel brand Serge Ferrari 100% recyclable, little served very good condition. New value 1800 \u20ac with installation<\/p>\n<p>Other options see our dedicated page.[\/vc_column_text][\/vc_tta_section][\/vc_tta_tabs][vc_column_text]<\/p>\n<h3 style=\"text-align: center;\"><strong><span style=\"color: #ffff00;\">Second hand on a pitch<br \/>\n<\/span><\/strong><strong><span style=\"color: #ffff00;\">! BUSINESS OPPORTUNITY !<\/span><\/strong><\/h3>\n<p>[\/vc_column_text][\/vc_column][\/vc_row][vc_row bg_type=&#8221;bg_color&#8221; bg_color_value=&#8221;#1e73be&#8221;][vc_column width=&#8221;1\/2&#8243;][vc_empty_space][vc_column_text]<\/p>\n<h2 style=\"text-align: center;\"><strong><span style=\"color: #ffff00;\">MOBIL-HOME 2 Ch &#8211; 2007<\/span><\/strong><\/h2>\n<p>[\/vc_column_text][vc_empty_space height=&#8221;12px&#8221;][layerslider_vc id=&#8221;35&#8243;][vc_column_text]<\/p>\n<h3 style=\"text-align: center;\"><strong><span style=\"color: #ffff00;\">11860\u20ac<\/span><\/strong><\/h3>\n<p>[\/vc_column_text][\/vc_column][vc_column width=&#8221;1\/2&#8243;][vc_empty_space height=&#8221;72px&#8221;][vc_tta_tabs shape=&#8221;square&#8221; color=&#8221;turquoise&#8221; spacing=&#8221;2&#8243; gap=&#8221;3&#8243; active_section=&#8221;1&#8243;][vc_tta_section title=&#8221;Pr\u00e9sentation&#8221; tab_id=&#8221;1522168265509-1257c488-830c&#8221;][vc_column_text]<\/p>\n<h3>MOBIL-HOME O&#8217;HARA 784T &#8211; 2007<\/h3>\n<p><strong>7,80 x 4,00 m almost 31 m\u00b2 with integrated terrace and covered expansion<\/strong><\/p>\n<p>2 bedrooms\u00a0 &#8211; complete fitted kitchen<br \/>\nBathroom and separated toilet<\/p>\n<p>&nbsp;[\/vc_column_text][\/vc_tta_section][vc_tta_section title=&#8221;Tarif&#8221; tab_id=&#8221;1522168265769-a40823c4-f726&#8243;][vc_column_text]Our &#8220;ready to use&#8221; price includes:<\/p>\n<ul>\n<li>delivery and installation of the chalet on a site of 130 m2<\/li>\n<li>about the connection of the cottage to the water, electricity 10 A, mains drainage, TV antenna, tax declaration work<\/li>\n<\/ul>\n<p><!--more--><\/p>\n<p>Used property sold with a warranty of one season by the seller. This warranty does not apply to appliances or the second work.<\/p>\n<p>TO KNOW: You do not have any notary fees, you become a direct owner of your home as soon as your bill is paid. All you have to do is to insure your mobile home or chalet as well as a caravan<\/p>\n<p>A rental contract is offered to you, see tab &#8220;Rent&#8221;[\/vc_column_text][\/vc_tta_section][vc_tta_section title=&#8221;Loyer&#8221; tab_id=&#8221;1522168266040-1ce3b2ef-70f5&#8243;][vc_column_text]Camping open from April 1 to October 15, 2019<\/p>\n<p><strong><span style=\"color: #0000ff;\"> Rent depending on area and location on the ground <\/span><\/strong><\/p>\n<p>Rent including 6 people on contract and 1 car, water and electricity 10 A, sanitation, TV network connection, mowing and maintenance hedges<\/p>\n<p><!--more--><\/p>\n<p>Rent: 2762.036 \u20ac VAT included for location of 130 sqm (including rent 2802.03 \u20ac Tax Vend\u00e9e Water 58.03 \u20ac Tax Garbage 25 \u20ac)<\/p>\n<p>Deposit for down-counters and barrier badge.<\/p>\n<p>Possibility to sublet<\/p>\n<p>&nbsp;[\/vc_column_text][\/vc_tta_section][vc_tta_section title=&#8221;Options&#8221; tab_id=&#8221;1522168266300-216e759f-71df&#8221;][vc_column_text]Nous proposons la vente de 4 toiles avec fen\u00eatres et porte pour 1780\u20ac prix install\u00e9 (coloris au choix sur nuancier d\u00e9lai 4 \u00e0 6 semaines). Ces toiles sont fabriqu\u00e9es sur mesure par un professionnel pour le mod\u00e8le Mor\u00e9a de Gitotel, marque Serge Ferrari 100% recyclable.<br \/>\nValeur neuve 1800\u20ac avec installation<\/p>\n<p>Autres options voir notre page d\u00e9di\u00e9.[\/vc_column_text][\/vc_tta_section][\/vc_tta_tabs][vc_column_text]<\/p>\n<h3 style=\"text-align: center;\"><strong><span style=\"color: #ffff00;\">Second hand on a pitch<br \/>\n<\/span><\/strong><strong><span style=\"color: #ffff00;\">! BUSINESS OPPORTUNITY !<\/span><\/strong><\/h3>\n<p>[\/vc_column_text][\/vc_column][\/vc_row][vc_row anchor=&#8221;mobilhomeneuf&#8221;][vc_column][vc_icon icon_fontawesome=&#8221;fa fa-sun-o&#8221; color=&#8221;orange&#8221; size=&#8221;lg&#8221; align=&#8221;center&#8221; css_animation=&#8221;bottom-to-top&#8221;]<div class=\"dt-fancy-separator text-big accent-border-color\" style=\"width: 100%;\"><div class=\"dt-fancy-title bg-on\"><span class=\"separator-holder separator-left\"><\/span>New Mobil home Sales in Vendee - Le Perrier - St Gilles<span class=\"separator-holder separator-right\"><\/span><\/div><\/div>[vc_empty_space][\/vc_column][\/vc_row][vc_row bg_type=&#8221;bg_color&#8221; bg_color_value=&#8221;#1e73be&#8221;][vc_column width=&#8221;1\/2&#8243;][vc_empty_space][vc_column_text]<\/p>\n<h2 style=\"text-align: center;\"><strong><span style=\"color: #ffff00;\">MOBIL-HOME 2 Ch &#8211; 2016<\/span><\/strong><\/h2>\n<p>[\/vc_column_text][vc_empty_space height=&#8221;12px&#8221;][layerslider_vc id=&#8221;29&#8243;][vc_column_text]<\/p>\n<h3 style=\"text-align: center;\"><strong><span style=\"color: #ffff00;\">23790\u20ac<\/span><\/strong><\/h3>\n<p>[\/vc_column_text][vc_empty_space][\/vc_column][vc_column width=&#8221;1\/2&#8243;][vc_empty_space height=&#8221;72px&#8221;][vc_tta_tabs shape=&#8221;square&#8221; color=&#8221;turquoise&#8221; spacing=&#8221;2&#8243; gap=&#8221;3&#8243; active_section=&#8221;1&#8243;][vc_tta_section title=&#8221;Pr\u00e9sentation&#8221; tab_id=&#8221;1522169728765-e097f0b7-24a2&#8243;][vc_column_text]<\/p>\n<h3>MOBIL-HOME O&#8217;HARA 784 2 Ch &#8211; 2016<\/h3>\n<p><strong>7,80 x 4,00 m almost 28 m\u00b2 + covered terrace<\/strong><\/p>\n<p>2 bedrooms\u00a0 &#8211; Fitted kitchen central island unit<br \/>\nbathroom and separated toilet<\/p>\n<p>&nbsp;[\/vc_column_text][\/vc_tta_section][vc_tta_section title=&#8221;Tarif&#8221; tab_id=&#8221;1522169729023-f955584b-3626&#8243;][vc_column_text]Our &#8220;ready to use&#8221; price includes:<\/p>\n<ul>\n<li>delivery and installation of the chalet on a site of 140 m2<\/li>\n<li>about the connection of the cottage to the water, electricity 10 A, mains drainage, TV antenna, tax declaration work<\/li>\n<\/ul>\n<p><!--more--><\/p>\n<p>Used property sold with a warranty of one season by the seller. This warranty does not apply to appliances or the second work.<\/p>\n<p>TO KNOW: You do not have any notary fees, you become a direct owner of your home as soon as your bill is paid. All you have to do is to insure your mobile home or chalet as well as a caravan<\/p>\n<p>A rental contract is offered to you, see tab &#8220;Rent&#8221;[\/vc_column_text][\/vc_tta_section][vc_tta_section title=&#8221;Loyer&#8221; tab_id=&#8221;1522169729308-93c982d9-0041&#8243;][vc_column_text]Camping open from April 1 to October 15, 2019<\/p>\n<p><strong><span style=\"color: #0000ff;\"> Rent depending on area and location on the ground <\/span><\/strong><\/p>\n<p>Rent including 6 people on contract and 1 car, water and electricity 10 A, sanitation, TV network connection, mowing and maintenance hedges<\/p>\n<p><!--more--><\/p>\n<p>Rent: 2918.03 \u20ac VAT included for location of 140 sqm premium (including rent 2835 \u20ac Tax Vend\u00e9e Water 58.03 \u20ac Tax Garbage 25 \u20ac)<\/p>\n<p>Deposit for down-counters and barrier badge.<\/p>\n<p>Possibility to sublet<\/p>\n<p>&nbsp;[\/vc_column_text][\/vc_tta_section][vc_tta_section title=&#8221;Options&#8221; tab_id=&#8221;1522169729582-25b9c540-7be7&#8243;][vc_column_text]We offer the sale of 3 canvases with windows and door for 1840 \u20ac price installed (choice of colors on color chart delay 4 to 6 weeks). These canvases are custom made by a professional, brand Serge Ferrari 100% recyclable.<\/p>\n<p>Other options see our dedicated page.[\/vc_column_text][\/vc_tta_section][\/vc_tta_tabs][vc_column_text]<\/p>\n<h3 style=\"text-align: center;\"><strong><span style=\"color: #ffff00;\">New on a pitch<br \/>\n<\/span><\/strong><strong><span style=\"color: #ffff00;\">! VIEW ON CAMPSITE POND !<\/span><\/strong><\/h3>\n<p>[\/vc_column_text][\/vc_column][\/vc_row][vc_row bg_type=&#8221;bg_color&#8221; bg_color_value=&#8221;#1e73be&#8221;][vc_column width=&#8221;1\/2&#8243;][vc_empty_space][vc_column_text]<\/p>\n<h2 style=\"text-align: center;\"><strong><span style=\"color: #ffff00;\">MOBIL-HOME 2 Ch &#8211; 2017<\/span><\/strong><\/h2>\n<p>[\/vc_column_text][vc_empty_space height=&#8221;12px&#8221;][layerslider_vc id=&#8221;32&#8243;][vc_column_text]<\/p>\n<h3 style=\"text-align: center;\"><strong><span style=\"color: #ffff00;\">25790\u20ac<\/span><\/strong><\/h3>\n<p>[\/vc_column_text][\/vc_column][vc_column width=&#8221;1\/2&#8243;][vc_empty_space height=&#8221;72px&#8221;][vc_tta_tabs shape=&#8221;square&#8221; color=&#8221;turquoise&#8221; spacing=&#8221;2&#8243; gap=&#8221;3&#8243; active_section=&#8221;1&#8243;][vc_tta_section title=&#8221;Pr\u00e9sentation&#8221; tab_id=&#8221;1523702195010-73204ab8-9ba1&#8243;][vc_column_text]<\/p>\n<h3>MOBIL-HOME IRM master bedroom 2 Ch &#8211; 2017<\/h3>\n<p><strong>8,64 x 4,00 m almost 32 m\u00b2 + half covered terrace\u00a0 6 m x 2.5 m covered on 3 meters<\/strong><\/p>\n<p>2 bedrooms\u00a0 &#8211; Fitted kitchen &#8211; dining room, living room<br \/>\nbathroom with direct access with parental bedroom and separated toilet<\/p>\n<p>&nbsp;[\/vc_column_text][\/vc_tta_section][vc_tta_section title=&#8221;Tarif&#8221; tab_id=&#8221;1523702195130-b76ca8cc-c2a3&#8243;][vc_column_text]Our &#8220;ready for use&#8221; price includes:<\/p>\n<ul>\n<li>delivery and installation of the mobile home on a site of 130 to 170 m\u00b2<\/li>\n<li>according to choice connection of the mobile home to water, electricity 10 or 16 A, mains drainage, TV antenna<\/li>\n<\/ul>\n<p><!--more--><\/p>\n<p>Used property sold with a warranty of one season by the seller. This warranty does not apply to domestic appliances or the second work.<\/p>\n<p>TO KNOW: You do not have any notary fees, you become a direct owner of your home as soon as your bill is paid. All you have to do is to insure your mobile home or chalet just like a caravan.<\/p>\n<p>A rental contract is proposed to you, see tab &#8220;Rent&#8221;[\/vc_column_text][\/vc_tta_section][vc_tta_section title=&#8221;Loyer&#8221; tab_id=&#8221;1523702195266-d5a82eb0-47f6&#8243;][vc_column_text]Camping open from April 1 to October 15, 2019<\/p>\n<p>Rent depending on area and location on the ground<\/p>\n<p>Rent including 6 people on contract and 1 car, water and electricity 10 A, sanitation, TV network connection, mowing and maintenance hedges<\/p>\n<p><!--more-->Rent: From 2861.03 \u20ac VAT included for location of 130 m\u00b2 (including rent 2778 \u20ac VAT Vend\u00e9e Water 58.03 \u20ac Tax Garbage 25 \u20ac)<\/p>\n<p>Deposit for down-counters and the badge barrier.<\/p>\n<p>Possibility to sublet[\/vc_column_text][\/vc_tta_section][vc_tta_section title=&#8221;Options&#8221; tab_id=&#8221;1523702195395-311ba58f-dded&#8221;][vc_column_text]We offer the sale of canvases with windows and optional door. See our dedicated page (under construction)[\/vc_column_text][\/vc_tta_section][\/vc_tta_tabs][vc_column_text]<\/p>\n<h3 style=\"text-align: center;\"><strong><span style=\"color: #ffff00;\">New on a pitch<br \/>\n<\/span><\/strong><strong><span style=\"color: #ffff00;\">! PREMIUM OPPORTUNITY !<\/span><\/strong><\/h3>\n<p>[\/vc_column_text][vc_empty_space][\/vc_column][\/vc_row][vc_row bg_type=&#8221;bg_color&#8221; bg_color_value=&#8221;#1e73be&#8221;][vc_column width=&#8221;1\/2&#8243;][vc_empty_space][vc_column_text]<\/p>\n<h2 style=\"text-align: center;\"><strong><span style=\"color: #ffff00;\">MOBIL-HOME 3 Ch &#8211; 2016<\/span><\/strong><\/h2>\n<p>[\/vc_column_text][vc_empty_space height=&#8221;12px&#8221;][layerslider_vc id=&#8221;33&#8243;][vc_column_text]<\/p>\n<h3 style=\"text-align: center;\"><span style=\"color: #ffff00;\">25860 \u20ac<\/span><\/h3>\n<p>[\/vc_column_text][\/vc_column][vc_column width=&#8221;1\/2&#8243;][vc_empty_space height=&#8221;72px&#8221;][vc_tta_tabs style=&#8221;modern&#8221; active_section=&#8221;1&#8243;][vc_tta_section title=&#8221;Presentation&#8221; tab_id=&#8221;1521735977849-6b14c978-fcd7&#8243;][vc_column_text]<\/p>\n<h3>Mobil home O&#8217;Hara 884<\/h3>\n<p><strong>8,80 m x 4,00 m almost 36,40 m\u00b2 with covered terrace<\/strong><\/p>\n<p><strong>3 bedrooms<\/strong> &#8211; 1 large bathroom &#8211; Fitted kitchen with central island unit.<\/p>\n<p>1 parental bedroom &#8211; 2 children bedrooms<\/p>\n<p>&nbsp;[\/vc_column_text][vc_column_text]<\/p>\n<h3 style=\"text-align: center;\"><span style=\"color: #ffffff;\">TR\u00c8S<strong>\u00a0FONCTIONNEL<br \/>\n<\/strong><strong>! AFFAIRE A SAISIR !<\/strong><\/span><\/h3>\n<p>[\/vc_column_text][\/vc_tta_section][vc_tta_section title=&#8221;Tarif&#8221; tab_id=&#8221;1521735978145-9b67a1f3-a52f&#8221;][vc_column_text]Our &#8220;ready to use&#8221; price includes:<\/p>\n<ul>\n<li>delivery and installation of the chalet on a site of 140 m2<\/li>\n<li>about the connection of the cottage to the water, electricity 10 A, mains drainage,\u00a0 TV antenna, tax declaration work<\/li>\n<\/ul>\n<p><!--more--><\/p>\n<p>Used property sold with a warranty of one season by the seller. This warranty does not apply to appliances or the second work.<\/p>\n<p>TO KNOW: You do not have any notary fees, you become a direct owner of your home as soon as your bill is paid. All you have to do is to insure your mobile home or chalet as well as a caravan<\/p>\n<p>A rental contract is offered to you, see tab &#8220;Rent&#8221;[\/vc_column_text][\/vc_tta_section][vc_tta_section title=&#8221;Loyer&#8221; tab_id=&#8221;1524330844053-76433f3f-5bff&#8221;][vc_column_text]Camping open from April 1 to October 15, 2019<\/p>\n<p><strong><span style=\"color: #0000ff;\"> Rent depending on area and location on the ground <\/span><\/strong><\/p>\n<p>Rent including 6 people on contract and 1 car, water and electricity 10 A, sanitation, TV network connection, mowing and maintenance hedges<\/p>\n<p><!--more--><\/p>\n<p>Rent: 2918.03 \u20ac VAT included for location of 140 sqm premium (including rent 2835 \u20ac Tax Vend\u00e9e Water 58.03 \u20ac Tax Garbage 25 \u20ac)<\/p>\n<p>Deposit for down-counters and barrier badge.<\/p>\n<p>Possibility to sublet<\/p>\n<p>&nbsp;[\/vc_column_text][\/vc_tta_section][vc_tta_section title=&#8221;Options&#8221; tab_id=&#8221;1521735978451-e17422a4-f387&#8243;][vc_column_text]We offer the sale of canvases with windows and optional door. See our dedicated page (under construction)[\/vc_column_text][vc_column_text]<\/p>\n<h3 style=\"text-align: center;\"><span style=\"color: #ff0000;\"><strong>New on a pitch<br \/>\n<\/strong><strong>! RARE PRODUCT\u00a0 !<\/strong><\/span><\/h3>\n<p>[\/vc_column_text][\/vc_tta_section][\/vc_tta_tabs][\/vc_column][\/vc_row][vc_row][vc_column width=&#8221;2\/3&#8243; offset=&#8221;vc_col-lg-6 vc_col-md-6 vc_col-xs-12&#8243;][vc_column_text]<\/p>\n<h2><\/h2>\n<h2><span style=\"color: #008000;\">Sale Mobile home New in Vend\u00e9e on site. <\/span><\/h2>\n<p>Your little piece of private paradise in our campsite for your weekends and holidays in Vend\u00e9e. Many affairs! Arrived and destocked mobil home and chalet &#8230; to seize to have your secondary home for 2019 or also 2020<\/p>\n<p>&nbsp;<\/p>\n<p style=\"text-align: center;\"><strong><span style=\"color: #0000ff;\">Permanent delivery of mobile home 2 and 3 bedrooms!<\/span><\/strong><\/p>\n<p style=\"text-align: center;\"><strong><span style=\"color: #0000ff;\"> The best deals of the moment, do not wait! Make an appointment &#8230; <\/span><\/strong><\/p>\n<p><strong><span style=\"color: #008000;\">Model O&#8217;hara 3 bedrooms 2014 high-end<\/span><\/strong> with shutters and covered terrace, XL shower warranty 1 year delivered and installed on parcel: <del>29860 \u20ac<\/del> <strong>25860 \u20ac<\/strong><\/p>\n<p>Model adapted for disabled people with terrace and railing access included<\/p>\n<p>Range 2019: from \u20ac 2587 (100 m\u00b2) to \u20ac 3124 (200 m\u00b2) in a classic situation. Fees, VAT Vend\u00e9e Water, Tax garbage removal and tourist tax not included.<\/p>\n<p>The rent includes 6 people to contract, sufficient water and electricity for leisure use,<\/p>\n<p>&nbsp;<\/p>\n<p>&nbsp;[\/vc_column_text][vc_empty_space][vc_column_text css=&#8221;.vc_custom_1558001604631{background-color: #95d666 !important;}&#8221;]New October 2019\/2020: creation of a <span style=\"color: #ff6600;\"><strong>residential village<\/strong><\/span> open year-round ..<span style=\"color: #333333;\"><strong>.<\/strong>reservation o<\/span>f your parcel as of spring 2019\/2020. Information and visit by appointment.[\/vc_column_text][\/vc_column][vc_column width=&#8221;1\/3&#8243; offset=&#8221;vc_col-lg-6 vc_col-md-6 vc_col-xs-12&#8243;][vc_column_text]<\/p>\n<p style=\"text-align: center;\">\u00a0 \u00a0 \u00a0 <img loading=\"lazy\" decoding=\"async\" class=\"alignnone wp-image-44502\" src=\"https:\/\/www.camping-le-jardin-du-marais.com\/wp-content\/uploads\/2019\/05\/2019-Flyer-A5-Vente-MH-LJDM-Recto-214x300.png\" alt=\"\" width=\"190\" height=\"266\" srcset=\"https:\/\/www.camping-le-jardin-du-marais.com\/wp-content\/uploads\/2019\/05\/2019-Flyer-A5-Vente-MH-LJDM-Recto-214x300.png 214w, https:\/\/www.camping-le-jardin-du-marais.com\/wp-content\/uploads\/2019\/05\/2019-Flyer-A5-Vente-MH-LJDM-Recto.png 480w\" sizes=\"auto, (max-width: 190px) 100vw, 190px\" \/> <img loading=\"lazy\" decoding=\"async\" class=\"wp-image-44505 alignright\" src=\"https:\/\/www.camping-le-jardin-du-marais.com\/wp-content\/uploads\/2019\/05\/2019-Flyer-A5-Vente-MH-LJDM-Verso-214x300.png\" alt=\"\" width=\"190\" height=\"266\" srcset=\"https:\/\/www.camping-le-jardin-du-marais.com\/wp-content\/uploads\/2019\/05\/2019-Flyer-A5-Vente-MH-LJDM-Verso-214x300.png 214w, https:\/\/www.camping-le-jardin-du-marais.com\/wp-content\/uploads\/2019\/05\/2019-Flyer-A5-Vente-MH-LJDM-Verso.png 480w\" sizes=\"auto, (max-width: 190px) 100vw, 190px\" \/><\/p>\n<p>[\/vc_column_text][vc_column_text]<\/p>\n<p>[\/vc_column_text][\/vc_column][\/vc_row][vc_row anchor=&#8221;location-camping-vendee-a-l-annee&#8221;][vc_column][vc_empty_space]<div class=\"dt-fancy-separator text-big accent-border-color\" style=\"width: 100%;\"><div class=\"dt-fancy-title bg-on\"><span class=\"separator-holder separator-left\"><\/span>You can enjoy campsite activities <span class=\"separator-holder separator-right\"><\/span><\/div><\/div>[vc_empty_space][layerslider_vc id=&#8221;34&#8243;][vc_icon icon_fontawesome=&#8221;fa fa-sun-o&#8221; color=&#8221;orange&#8221; size=&#8221;lg&#8221; align=&#8221;center&#8221; css_animation=&#8221;bottom-to-top&#8221;]<div class=\"dt-fancy-separator text-big accent-border-color\" style=\"width: 100%;\"><div class=\"dt-fancy-title bg-on\"><span class=\"separator-holder separator-left\"><\/span>Terms and conditions<span class=\"separator-holder separator-right\"><\/span><\/div><\/div>[vc_empty_space][\/vc_column][\/vc_row][vc_row][vc_column][vc_column_text]Our rental agreement specifies the contractual terms between the company and the tenant.<\/p>\n<p><span style=\"color: #008000;\"><b>Plot Rental<\/b><\/span><\/p>\n<ul>\n<li>You are the owner of your second home, chalet or mobile home of &#8211; 10 years 2nd or 3rd generation.<\/li>\n<li>You can rent your property (see our conditions)<\/li>\n<li>You do not have a property tax, nor a taxe d&#8217;habitation<\/li>\n<li>Take advantage of the various facilities and activities of the campsite including the heated indoor pool and fishing in our lake (from mid-April to late-September according to Attendance) .<\/li>\n<li>It includes 6 persons named in the contract (plus your children and grandchildren under 3 years old), a passenger vehicle, a sufficient water and electricity package for leisure use, access to the services of the campsite.<\/li>\n<\/ul>\n<p><strong><span style=\"color: #008000;\">The rent<\/span><\/strong><\/p>\n<ul>\n<li>from 2549 \u20ac for a plot of 100 m\u00b2 including the new rate of 10%.<\/li>\n<li>Parcelles available from 100 to 200 m\u00b2.<\/li>\n<li>Parcelles delimited and very well maintained area, indoor pool open halfway April to the end of September, aquatic area in summer, fitness room, children playground, trampoline &#8230;. You will have the possibility to put your mobile home for rent in July and August.<\/li>\n<\/ul>\n<p>&nbsp;[\/vc_column_text][\/vc_column][\/vc_row][vc_row anchor=&#8221;parcelle-a-lannee&#8221;][vc_column][vc_icon icon_fontawesome=&#8221;fa fa-sun-o&#8221; color=&#8221;orange&#8221; size=&#8221;lg&#8221; align=&#8221;center&#8221; css_animation=&#8221;bottom-to-top&#8221;]<div class=\"dt-fancy-separator text-big accent-border-color\" style=\"width: 100%;\"><div class=\"dt-fancy-title bg-on\"><span class=\"separator-holder separator-left\"><\/span>Information requests<span class=\"separator-holder separator-right\"><\/span><\/div><\/div>[vc_empty_space][\/vc_column][\/vc_row][vc_row][vc_column][vc_column_text]\n<div class=\"wpcf7 no-js\" id=\"wpcf7-f40360-o1\" lang=\"fr-FR\" dir=\"ltr\" data-wpcf7-id=\"40360\">\n<div class=\"screen-reader-response\"><p role=\"status\" aria-live=\"polite\" aria-atomic=\"true\"><\/p> <ul><\/ul><\/div>\n<form action=\"\/en\/wp-json\/wp\/v2\/pages\/40355#wpcf7-f40360-o1\" method=\"post\" class=\"wpcf7-form init\" aria-label=\"Formulaire de contact\" novalidate=\"novalidate\" data-status=\"init\">\n<fieldset class=\"hidden-fields-container\"><input type=\"hidden\" name=\"_wpcf7\" value=\"40360\" \/><input type=\"hidden\" name=\"_wpcf7_version\" value=\"6.1.5\" \/><input type=\"hidden\" name=\"_wpcf7_locale\" value=\"fr_FR\" \/><input type=\"hidden\" name=\"_wpcf7_unit_tag\" value=\"wpcf7-f40360-o1\" \/><input type=\"hidden\" name=\"_wpcf7_container_post\" value=\"0\" \/><input type=\"hidden\" name=\"_wpcf7_posted_data_hash\" value=\"\" \/>\n<\/fieldset>\n<p>Your Name (required)\n<\/p>\n<p><span class=\"wpcf7-form-control-wrap\" data-name=\"your-name\"><input size=\"40\" maxlength=\"400\" class=\"wpcf7-form-control wpcf7-text wpcf7-validates-as-required\" aria-required=\"true\" aria-invalid=\"false\" value=\"\" type=\"text\" name=\"your-name\" \/><\/span>\n<\/p>\n<p>Address\n<\/p>\n<p><span class=\"wpcf7-form-control-wrap\" data-name=\"Adresse\"><textarea cols=\"40\" rows=\"10\" maxlength=\"2000\" class=\"wpcf7-form-control wpcf7-textarea\" aria-invalid=\"false\" name=\"Adresse\"><\/textarea><\/span>\n<\/p>\n<p>Email (required)\n<\/p>\n<p><span class=\"wpcf7-form-control-wrap\" data-name=\"your-email\"><input size=\"40\" maxlength=\"400\" class=\"wpcf7-form-control wpcf7-email wpcf7-validates-as-required wpcf7-text wpcf7-validates-as-email\" aria-required=\"true\" aria-invalid=\"false\" value=\"\" type=\"email\" name=\"your-email\" \/><\/span>\n<\/p>\n<p>Phone\n<\/p>\n<p><span class=\"wpcf7-form-control-wrap\" data-name=\"Telephone\"><input size=\"40\" maxlength=\"400\" class=\"wpcf7-form-control wpcf7-tel wpcf7-text wpcf7-validates-as-tel\" aria-invalid=\"false\" value=\"\" type=\"tel\" name=\"Telephone\" \/><\/span>\n<\/p>\n<p>My demand :\n<\/p>\n<p><span class=\"wpcf7-form-control-wrap\" data-name=\"acheterunmobilhome\"><span class=\"wpcf7-form-control wpcf7-checkbox mobilhome\"><span class=\"wpcf7-list-item first\"><input type=\"checkbox\" name=\"acheterunmobilhome[]\" value=\"Buy mobil-home\" \/><span class=\"wpcf7-list-item-label\">Buy mobil-home<\/span><\/span><span class=\"wpcf7-list-item\"><input type=\"checkbox\" name=\"acheterunmobilhome[]\" value=\"hire a pitch to my mobil-home (type, dimensions)\" \/><span class=\"wpcf7-list-item-label\">hire a pitch to my mobil-home (type, dimensions)<\/span><\/span><span class=\"wpcf7-list-item last\"><input type=\"checkbox\" name=\"acheterunmobilhome[]\" value=\"Other\" \/><span class=\"wpcf7-list-item-label\">Other<\/span><\/span><\/span><\/span>\n<\/p>\n<p>1- Type:\n<\/p>\n<p><span class=\"wpcf7-form-control-wrap\" data-name=\"typemobilhome\"><span class=\"wpcf7-form-control wpcf7-checkbox wpcf7-validates-as-required\"><span class=\"wpcf7-list-item first\"><input type=\"checkbox\" name=\"typemobilhome[]\" value=\"New\" \/><span class=\"wpcf7-list-item-label\">New<\/span><\/span><span class=\"wpcf7-list-item last\"><input type=\"checkbox\" name=\"typemobilhome[]\" value=\"2d hand\" \/><span class=\"wpcf7-list-item-label\">2d hand<\/span><\/span><\/span><\/span>\n<\/p>\n<p>2- Capacity :\n<\/p>\n<p><span class=\"wpcf7-form-control-wrap\" data-name=\"capacite\"><span class=\"wpcf7-form-control wpcf7-radio\"><span class=\"wpcf7-list-item first\"><input type=\"radio\" name=\"capacite\" value=\"1 bedroom\" \/><span class=\"wpcf7-list-item-label\">1 bedroom<\/span><\/span><span class=\"wpcf7-list-item\"><input type=\"radio\" name=\"capacite\" value=\"2 bedrooms\" \/><span class=\"wpcf7-list-item-label\">2 bedrooms<\/span><\/span><span class=\"wpcf7-list-item\"><input type=\"radio\" name=\"capacite\" value=\"3 bedrooms\" \/><span class=\"wpcf7-list-item-label\">3 bedrooms<\/span><\/span><span class=\"wpcf7-list-item last\"><input type=\"radio\" name=\"capacite\" value=\"don&#039;t know\" \/><span class=\"wpcf7-list-item-label\">don&#039;t know<\/span><\/span><\/span><\/span>\n<\/p>\n<p>3- Budget:\n<\/p>\n<p><span class=\"wpcf7-form-control-wrap\" data-name=\"budget\"><span class=\"wpcf7-form-control wpcf7-radio\"><span class=\"wpcf7-list-item first\"><input type=\"radio\" name=\"budget\" value=\"5 000 - 10 000 \u20ac\" \/><span class=\"wpcf7-list-item-label\">5 000 - 10 000 \u20ac<\/span><\/span><span class=\"wpcf7-list-item\"><input type=\"radio\" name=\"budget\" value=\"10 000 - 20 000 \u20ac\" \/><span class=\"wpcf7-list-item-label\">10 000 - 20 000 \u20ac<\/span><\/span><span class=\"wpcf7-list-item last\"><input type=\"radio\" name=\"budget\" value=\"+ 20 000 \u20ac\" \/><span class=\"wpcf7-list-item-label\">+ 20 000 \u20ac<\/span><\/span><\/span><\/span>\n<\/p>\n<p>Message\n<\/p>\n<p><span class=\"wpcf7-form-control-wrap\" data-name=\"your-message\"><textarea cols=\"40\" rows=\"10\" maxlength=\"2000\" class=\"wpcf7-form-control wpcf7-textarea\" aria-invalid=\"false\" name=\"your-message\"><\/textarea><\/span>\n<\/p>\n<p><input class=\"wpcf7-form-control wpcf7-submit has-spinner\" type=\"submit\" value=\"Send\" \/>\n<\/p><div class=\"wpcf7-response-output\" aria-hidden=\"true\"><\/div>\n<\/form>\n<\/div>\n[\/vc_column_text][\/vc_column][\/vc_row][vc_row][vc_column][vc_empty_space][\/vc_column][\/vc_row][vc_row][vc_column][\/vc_column][\/vc_row]<\/p>\n<\/div>","protected":false},"excerpt":{"rendered":"<p>[vc_row][vc_column offset=&#8221;vc_col-xs-12&#8243;][vc_column_text] Mobil home sales : New and second hand [\/vc_column_text][vc_empty_space height=&#8221;22px&#8221;][vc_column_text]In our family campsite Le Jardin du Marais, we offer the sale of mobile home directly on location. The purchase of mobile home in a campsite has many advantages that you can read on our article &#8220;Buy a mobile home in France&#8221;. In addition,&hellip;<\/p>\n","protected":false},"author":1,"featured_media":0,"parent":0,"menu_order":0,"comment_status":"closed","ping_status":"closed","template":"","meta":{"footnotes":""},"class_list":["post-40355","page","type-page","status-publish","hentry","description-off"],"yoast_head":"<!-- This site is optimized with the Yoast SEO plugin v27.4 - https:\/\/yoast.com\/product\/yoast-seo-wordpress\/ -->\n<title>Vente mobil home r\u00e9sidence secondaire sur camping en Vend\u00e9e<\/title>\n<meta name=\"description\" content=\"Devenez propri\u00e9taire de votre r\u00e9sidence secondaire avec un budget raisonnable dans un camping 3 \u00e9toiles en Vend\u00e9e. Neuf ou occasion d\u00e9j\u00e0 install\u00e9 cl\u00e9s en mains Vous choissisez, vous achetez et vous vous installez\" \/>\n<meta name=\"robots\" content=\"index, follow, max-snippet:-1, max-image-preview:large, max-video-preview:-1\" \/>\n<link rel=\"canonical\" href=\"https:\/\/www.camping-le-jardin-du-marais.com\/en\/mobil-home-to-sell-france\/\" \/>\n<meta property=\"og:locale\" content=\"en_US\" \/>\n<meta property=\"og:type\" content=\"article\" \/>\n<meta property=\"og:title\" content=\"Vente mobil home r\u00e9sidence secondaire sur camping en Vend\u00e9e\" \/>\n<meta property=\"og:description\" content=\"Devenez propri\u00e9taire de votre r\u00e9sidence secondaire avec un budget raisonnable dans un camping 3 \u00e9toiles en Vend\u00e9e. Neuf ou occasion d\u00e9j\u00e0 install\u00e9 cl\u00e9s en mains Vous choissisez, vous achetez et vous vous installez\" \/>\n<meta property=\"og:url\" content=\"https:\/\/www.camping-le-jardin-du-marais.com\/en\/mobil-home-to-sell-france\/\" \/>\n<meta property=\"og:site_name\" content=\"Le Jardin du Marais\" \/>\n<meta property=\"article:modified_time\" content=\"2019-05-16T10:16:25+00:00\" \/>\n<meta property=\"og:image\" content=\"https:\/\/www.camping-le-jardin-du-marais.com\/wp-content\/uploads\/2019\/05\/2019-Flyer-A5-Vente-MH-LJDM-Recto.png\" \/>\n\t<meta property=\"og:image:width\" content=\"480\" \/>\n\t<meta property=\"og:image:height\" content=\"672\" \/>\n\t<meta property=\"og:image:type\" content=\"image\/png\" \/>\n<meta name=\"twitter:card\" content=\"summary_large_image\" \/>\n<meta name=\"twitter:label1\" content=\"Est. reading time\" \/>\n\t<meta name=\"twitter:data1\" content=\"14 minutes\" \/>\n<script type=\"application\/ld+json\" class=\"yoast-schema-graph\">{\"@context\":\"https:\\\/\\\/schema.org\",\"@graph\":[{\"@type\":\"WebPage\",\"@id\":\"https:\\\/\\\/www.camping-le-jardin-du-marais.com\\\/en\\\/mobil-home-to-sell-france\\\/\",\"url\":\"https:\\\/\\\/www.camping-le-jardin-du-marais.com\\\/en\\\/mobil-home-to-sell-france\\\/\",\"name\":\"Vente mobil home r\u00e9sidence secondaire sur camping en Vend\u00e9e\",\"isPartOf\":{\"@id\":\"https:\\\/\\\/www.camping-le-jardin-du-marais.com\\\/#website\"},\"primaryImageOfPage\":{\"@id\":\"https:\\\/\\\/www.camping-le-jardin-du-marais.com\\\/en\\\/mobil-home-to-sell-france\\\/#primaryimage\"},\"image\":{\"@id\":\"https:\\\/\\\/www.camping-le-jardin-du-marais.com\\\/en\\\/mobil-home-to-sell-france\\\/#primaryimage\"},\"thumbnailUrl\":\"https:\\\/\\\/www.camping-le-jardin-du-marais.com\\\/wp-content\\\/uploads\\\/2019\\\/05\\\/2019-Flyer-A5-Vente-MH-LJDM-Recto-214x300.png\",\"datePublished\":\"2015-10-10T18:03:18+00:00\",\"dateModified\":\"2019-05-16T10:16:25+00:00\",\"description\":\"Devenez propri\u00e9taire de votre r\u00e9sidence secondaire avec un budget raisonnable dans un camping 3 \u00e9toiles en Vend\u00e9e. Neuf ou occasion d\u00e9j\u00e0 install\u00e9 cl\u00e9s en mains Vous choissisez, vous achetez et vous vous installez\",\"breadcrumb\":{\"@id\":\"https:\\\/\\\/www.camping-le-jardin-du-marais.com\\\/en\\\/mobil-home-to-sell-france\\\/#breadcrumb\"},\"inLanguage\":\"en-US\",\"potentialAction\":[{\"@type\":\"ReadAction\",\"target\":[\"https:\\\/\\\/www.camping-le-jardin-du-marais.com\\\/en\\\/mobil-home-to-sell-france\\\/\"]}]},{\"@type\":\"ImageObject\",\"inLanguage\":\"en-US\",\"@id\":\"https:\\\/\\\/www.camping-le-jardin-du-marais.com\\\/en\\\/mobil-home-to-sell-france\\\/#primaryimage\",\"url\":\"https:\\\/\\\/www.camping-le-jardin-du-marais.com\\\/wp-content\\\/uploads\\\/2019\\\/05\\\/2019-Flyer-A5-Vente-MH-LJDM-Recto-214x300.png\",\"contentUrl\":\"https:\\\/\\\/www.camping-le-jardin-du-marais.com\\\/wp-content\\\/uploads\\\/2019\\\/05\\\/2019-Flyer-A5-Vente-MH-LJDM-Recto-214x300.png\"},{\"@type\":\"BreadcrumbList\",\"@id\":\"https:\\\/\\\/www.camping-le-jardin-du-marais.com\\\/en\\\/mobil-home-to-sell-france\\\/#breadcrumb\",\"itemListElement\":[{\"@type\":\"ListItem\",\"position\":1,\"name\":\"Accueil\",\"item\":\"https:\\\/\\\/www.camping-le-jardin-du-marais.com\\\/en\\\/\"},{\"@type\":\"ListItem\",\"position\":2,\"name\":\"Become owner : buy your mobile home\"}]},{\"@type\":\"WebSite\",\"@id\":\"https:\\\/\\\/www.camping-le-jardin-du-marais.com\\\/#website\",\"url\":\"https:\\\/\\\/www.camping-le-jardin-du-marais.com\\\/\",\"name\":\"Le Jardin du Marais\",\"description\":\"camping vend\u00e9e\",\"potentialAction\":[{\"@type\":\"SearchAction\",\"target\":{\"@type\":\"EntryPoint\",\"urlTemplate\":\"https:\\\/\\\/www.camping-le-jardin-du-marais.com\\\/?s={search_term_string}\"},\"query-input\":{\"@type\":\"PropertyValueSpecification\",\"valueRequired\":true,\"valueName\":\"search_term_string\"}}],\"inLanguage\":\"en-US\"}]}<\/script>\n<!-- \/ Yoast SEO plugin. -->","yoast_head_json":{"title":"Vente mobil home r\u00e9sidence secondaire sur camping en Vend\u00e9e","description":"Devenez propri\u00e9taire de votre r\u00e9sidence secondaire avec un budget raisonnable dans un camping 3 \u00e9toiles en Vend\u00e9e. Neuf ou occasion d\u00e9j\u00e0 install\u00e9 cl\u00e9s en mains Vous choissisez, vous achetez et vous vous installez","robots":{"index":"index","follow":"follow","max-snippet":"max-snippet:-1","max-image-preview":"max-image-preview:large","max-video-preview":"max-video-preview:-1"},"canonical":"https:\/\/www.camping-le-jardin-du-marais.com\/en\/mobil-home-to-sell-france\/","og_locale":"en_US","og_type":"article","og_title":"Vente mobil home r\u00e9sidence secondaire sur camping en Vend\u00e9e","og_description":"Devenez propri\u00e9taire de votre r\u00e9sidence secondaire avec un budget raisonnable dans un camping 3 \u00e9toiles en Vend\u00e9e. Neuf ou occasion d\u00e9j\u00e0 install\u00e9 cl\u00e9s en mains Vous choissisez, vous achetez et vous vous installez","og_url":"https:\/\/www.camping-le-jardin-du-marais.com\/en\/mobil-home-to-sell-france\/","og_site_name":"Le Jardin du Marais","article_modified_time":"2019-05-16T10:16:25+00:00","og_image":[{"width":480,"height":672,"url":"https:\/\/www.camping-le-jardin-du-marais.com\/wp-content\/uploads\/2019\/05\/2019-Flyer-A5-Vente-MH-LJDM-Recto.png","type":"image\/png"}],"twitter_card":"summary_large_image","twitter_misc":{"Est. reading time":"14 minutes"},"schema":{"@context":"https:\/\/schema.org","@graph":[{"@type":"WebPage","@id":"https:\/\/www.camping-le-jardin-du-marais.com\/en\/mobil-home-to-sell-france\/","url":"https:\/\/www.camping-le-jardin-du-marais.com\/en\/mobil-home-to-sell-france\/","name":"Vente mobil home r\u00e9sidence secondaire sur camping en Vend\u00e9e","isPartOf":{"@id":"https:\/\/www.camping-le-jardin-du-marais.com\/#website"},"primaryImageOfPage":{"@id":"https:\/\/www.camping-le-jardin-du-marais.com\/en\/mobil-home-to-sell-france\/#primaryimage"},"image":{"@id":"https:\/\/www.camping-le-jardin-du-marais.com\/en\/mobil-home-to-sell-france\/#primaryimage"},"thumbnailUrl":"https:\/\/www.camping-le-jardin-du-marais.com\/wp-content\/uploads\/2019\/05\/2019-Flyer-A5-Vente-MH-LJDM-Recto-214x300.png","datePublished":"2015-10-10T18:03:18+00:00","dateModified":"2019-05-16T10:16:25+00:00","description":"Devenez propri\u00e9taire de votre r\u00e9sidence secondaire avec un budget raisonnable dans un camping 3 \u00e9toiles en Vend\u00e9e. Neuf ou occasion d\u00e9j\u00e0 install\u00e9 cl\u00e9s en mains Vous choissisez, vous achetez et vous vous installez","breadcrumb":{"@id":"https:\/\/www.camping-le-jardin-du-marais.com\/en\/mobil-home-to-sell-france\/#breadcrumb"},"inLanguage":"en-US","potentialAction":[{"@type":"ReadAction","target":["https:\/\/www.camping-le-jardin-du-marais.com\/en\/mobil-home-to-sell-france\/"]}]},{"@type":"ImageObject","inLanguage":"en-US","@id":"https:\/\/www.camping-le-jardin-du-marais.com\/en\/mobil-home-to-sell-france\/#primaryimage","url":"https:\/\/www.camping-le-jardin-du-marais.com\/wp-content\/uploads\/2019\/05\/2019-Flyer-A5-Vente-MH-LJDM-Recto-214x300.png","contentUrl":"https:\/\/www.camping-le-jardin-du-marais.com\/wp-content\/uploads\/2019\/05\/2019-Flyer-A5-Vente-MH-LJDM-Recto-214x300.png"},{"@type":"BreadcrumbList","@id":"https:\/\/www.camping-le-jardin-du-marais.com\/en\/mobil-home-to-sell-france\/#breadcrumb","itemListElement":[{"@type":"ListItem","position":1,"name":"Accueil","item":"https:\/\/www.camping-le-jardin-du-marais.com\/en\/"},{"@type":"ListItem","position":2,"name":"Become owner : buy your mobile home"}]},{"@type":"WebSite","@id":"https:\/\/www.camping-le-jardin-du-marais.com\/#website","url":"https:\/\/www.camping-le-jardin-du-marais.com\/","name":"Le Jardin du Marais","description":"camping vend\u00e9e","potentialAction":[{"@type":"SearchAction","target":{"@type":"EntryPoint","urlTemplate":"https:\/\/www.camping-le-jardin-du-marais.com\/?s={search_term_string}"},"query-input":{"@type":"PropertyValueSpecification","valueRequired":true,"valueName":"search_term_string"}}],"inLanguage":"en-US"}]}},"_links":{"self":[{"href":"https:\/\/www.camping-le-jardin-du-marais.com\/en\/wp-json\/wp\/v2\/pages\/40355","targetHints":{"allow":["GET"]}}],"collection":[{"href":"https:\/\/www.camping-le-jardin-du-marais.com\/en\/wp-json\/wp\/v2\/pages"}],"about":[{"href":"https:\/\/www.camping-le-jardin-du-marais.com\/en\/wp-json\/wp\/v2\/types\/page"}],"author":[{"embeddable":true,"href":"https:\/\/www.camping-le-jardin-du-marais.com\/en\/wp-json\/wp\/v2\/users\/1"}],"replies":[{"embeddable":true,"href":"https:\/\/www.camping-le-jardin-du-marais.com\/en\/wp-json\/wp\/v2\/comments?post=40355"}],"version-history":[{"count":0,"href":"https:\/\/www.camping-le-jardin-du-marais.com\/en\/wp-json\/wp\/v2\/pages\/40355\/revisions"}],"wp:attachment":[{"href":"https:\/\/www.camping-le-jardin-du-marais.com\/en\/wp-json\/wp\/v2\/media?parent=40355"}],"curies":[{"name":"wp","href":"https:\/\/api.w.org\/{rel}","templated":true}]}}